{"version":"1.0","provider_name":"DasErbeRoms - alterBlog","provider_url":"https:\/\/naehrlich.de\/daserberoms","author_name":"Stefan N\u00e4hrlich","author_url":"https:\/\/naehrlich.de\/daserberoms\/author\/stefan-naehrlich\/","title":"Museum f\u00fcr Kunst und Geschichte Genf - DasErbeRoms - alterBlog","type":"rich","width":600,"height":338,"html":"<blockquote class=\"wp-embedded-content\" data-secret=\"yfoeSpZ1CD\"><a href=\"https:\/\/naehrlich.de\/daserberoms\/2023\/09\/10\/museum-fuer-kunst-und-geschichte-genf\/\">Museum f\u00fcr Kunst und Geschichte Genf<\/a><\/blockquote><iframe sandbox=\"allow-scripts\" security=\"restricted\" src=\"https:\/\/naehrlich.de\/daserberoms\/2023\/09\/10\/museum-fuer-kunst-und-geschichte-genf\/embed\/#?secret=yfoeSpZ1CD\" width=\"600\" height=\"338\" title=\"&#8222;Museum f\u00fcr Kunst und Geschichte Genf&#8220; &#8211; DasErbeRoms - alterBlog\" data-secret=\"yfoeSpZ1CD\" frameborder=\"0\" marginwidth=\"0\" marginheight=\"0\" scrolling=\"no\" class=\"wp-embedded-content\"><\/iframe><script type=\"text\/javascript\">\n\/* <![CDATA[ *\/\n\/*! This file is auto-generated *\/\n!function(d,l){\"use strict\";l.querySelector&&d.addEventListener&&\"undefined\"!=typeof URL&&(d.wp=d.wp||{},d.wp.receiveEmbedMessage||(d.wp.receiveEmbedMessage=function(e){var t=e.data;if((t||t.secret||t.message||t.value)&&!\/[^a-zA-Z0-9]\/.test(t.secret)){for(var s,r,n,a=l.querySelectorAll('iframe[data-secret=\"'+t.secret+'\"]'),o=l.querySelectorAll('blockquote[data-secret=\"'+t.secret+'\"]'),c=new RegExp(\"^https?:$\",\"i\"),i=0;i<o.length;i++)o[i].style.display=\"none\";for(i=0;i<a.length;i++)s=a[i],e.source===s.contentWindow&&(s.removeAttribute(\"style\"),\"height\"===t.message?(1e3<(r=parseInt(t.value,10))?r=1e3:~~r<200&&(r=200),s.height=r):\"link\"===t.message&&(r=new URL(s.getAttribute(\"src\")),n=new URL(t.value),c.test(n.protocol))&&n.host===r.host&&l.activeElement===s&&(d.top.location.href=t.value))}},d.addEventListener(\"message\",d.wp.receiveEmbedMessage,!1),l.addEventListener(\"DOMContentLoaded\",function(){for(var e,t,s=l.querySelectorAll(\"iframe.wp-embedded-content\"),r=0;r<s.length;r++)(t=(e=s[r]).getAttribute(\"data-secret\"))||(t=Math.random().toString(36).substring(2,12),e.src+=\"#?secret=\"+t,e.setAttribute(\"data-secret\",t)),e.contentWindow.postMessage({message:\"ready\",secret:t},\"*\")},!1)))}(window,document);\n\/* ]]> *\/\n<\/script>\n","thumbnail_url":"https:\/\/naehrlich.de\/daserberoms\/wp-content\/uploads\/2023\/08\/IMG_4977ki.png","thumbnail_width":1800,"thumbnail_height":800,"description":"Das Museum f\u00fcr Kunst und Geschichte in Genf zeigt sehenswerte Skulpturen aus der r\u00f6mischen Antike und eines der Meisterwerke von Antonio Canova: die Doppelstatue Venus und Adonis aus dem Ende des 18. Jahrhunderts. Im R\u00f6mischen Saal der Arch\u00e4ologischen Ebene des Museums f\u00fcr Kunst und Geschichte sind B\u00fcsten und Statuen, M\u00fcnzen und Amphoren ausgestellt. Im Zentrum [&hellip;]"}